{"id":259,"date":"2011-09-13T16:55:06","date_gmt":"2011-09-13T14:55:06","guid":{"rendered":"http:\/\/doelitzer-wassermuehle.de\/?page_id=259"},"modified":"2026-08-05T17:20:51","modified_gmt":"2026-08-05T15:20:51","slug":"veranstaltungen","status":"publish","type":"page","link":"https:\/\/doelitzer-wassermuehle.de\/?page_id=259","title":{"rendered":"Veranstaltungen"},"content":{"rendered":"\n<h2 class=\"wp-block-heading\">Sommerkino<\/h2>\n\n\n\n<p class=\"wp-block-paragraph\">Freunde des Outdoor-Lichtspiel-Theaters, es ist zur\u00fcck! Das Sommerkino auf dem Hof der D\u00f6litzer Wasserm\u00fchle.<\/p>\n\n\n\n<p class=\"wp-block-paragraph\">Gezeigt wird eine sorgf\u00e4ltige Auswahl der Cin\u00e9math\u00e8que Leipzig:<\/p>\n\n\n\n<p class=\"wp-block-paragraph\">Freitag, 10.07.2026: Das Sommerbuch<\/p>\n\n\n\n<p class=\"wp-block-paragraph\">Freitag, 17.07.2026: Song Sung Blue<\/p>\n\n\n\n<p class=\"wp-block-paragraph\">Samstag, 18.07.2026: Ein Sommer in Paris \/ le rendez-vous de l\u00b4\u00e9t\u00e9<\/p>\n\n\n\n<p class=\"wp-block-paragraph\">Freitag, 07.08.2026: Calle M\u00e1laga &#8211; ein Zuhause in Tanger<\/p>\n\n\n\n<p class=\"wp-block-paragraph\">Samstag, 08.08.2026: Robot Dreams<\/p>\n\n\n\n<p class=\"wp-block-paragraph\">Freitag, 14.08.2026: Sentimental Value<\/p>\n\n\n\n<p class=\"wp-block-paragraph\">Filmbeginn ist bei Einbruch der Dunkelheit, Einlass ab 20:00 Uhr. Der Verein verk\u00f6stigt alle Besucher mit den Sommerkino-Klassikern: Fettbemme, Bier und N\u00fcssen.<\/p>\n\n\n\n<p class=\"wp-block-paragraph\">Wir freuen uns auf alle Besucher, wir sehen uns im Sommer!<\/p>\n\n\n\n<p class=\"wp-block-paragraph\"><\/p>\n\n\n\n<h2 class=\"wp-block-heading\"><\/h2>\n\n\n\n<div class=\"wp-block-group is-nowrap is-layout-flex wp-container-core-group-is-layout-8f761849 wp-block-group-is-layout-flex\">\n<div class=\"wp-block-cover wp-duotone-unset-1\" style=\"min-height:430px;aspect-ratio:unset;\"><img loading=\"lazy\" decoding=\"async\" width=\"600\" height=\"450\" class=\"wp-block-cover__image-background wp-image-5539\" alt=\"\" src=\"https:\/\/doelitzer-wassermuehle.de\/wp-content\/uploads\/2026\/06\/IMG_0656-600x450.jpg\" data-object-fit=\"cover\" srcset=\"https:\/\/doelitzer-wassermuehle.de\/wp-content\/uploads\/2026\/06\/IMG_0656-600x450.jpg 600w, https:\/\/doelitzer-wassermuehle.de\/wp-content\/uploads\/2026\/06\/IMG_0656-300x225.jpg 300w, https:\/\/doelitzer-wassermuehle.de\/wp-content\/uploads\/2026\/06\/IMG_0656-180x135.jpg 180w, https:\/\/doelitzer-wassermuehle.de\/wp-content\/uploads\/2026\/06\/IMG_0656-768x576.jpg 768w, https:\/\/doelitzer-wassermuehle.de\/wp-content\/uploads\/2026\/06\/IMG_0656-1536x1152.jpg 1536w, https:\/\/doelitzer-wassermuehle.de\/wp-content\/uploads\/2026\/06\/IMG_0656-2048x1536.jpg 2048w\" sizes=\"auto, (max-width: 600px) 100vw, 600px\" \/><span aria-hidden=\"true\" class=\"wp-block-cover__background has-background-dim\"><\/span><div class=\"wp-block-cover__inner-container is-layout-flow wp-block-cover-is-layout-flow\">\n<h1 class=\"wp-block-heading has-text-align-center\"><strong><mark style=\"background-color:rgba(0, 0, 0, 0)\" class=\"has-inline-color has-white-color\">Tag des offenen Denkmals<\/mark><\/strong><\/h1>\n\n\n\n<p class=\"has-text-align-center wp-block-paragraph\">Am 13. September 2026 \u00f6ffnen die Denkm\u00e4ler in Deutschland ihre Pforten und laden Besucher und Interessierte ein, Zeugnisse aus der Vergangenheit zu erkunden. So nat\u00fcrlich auch die D\u00f6litzer Wasserm\u00fchle. An diesem September-Sonntag bietet das Gr\u00fcn-Alternative-Zentrum Leipzig e.V. st\u00fcndliche F\u00fchrungen durch die M\u00fchle und \u00fcber das M\u00fchlengel\u00e4nde an. Bei Kaffee und Kuchen kann man hier entspannt einen der letzten Sommertage ausklingen lassen.<\/p>\n\n\n\n<p class=\"has-text-align-center wp-block-paragraph\">13:00 Uhr bis 18:00 Uhr<\/p>\n\n\n\n<p class=\"has-text-align-center wp-block-paragraph\">!Puppentheater vom TheaterFuchs!<\/p>\n\n\n\n<p class=\"has-text-align-center wp-block-paragraph\">Wir freuen uns auf alle, die uns besuchen!<\/p>\n\n\n\n<p class=\"has-text-align-center wp-block-paragraph\">Eintritt frei<\/p>\n<\/div><\/div>\n<\/div>\n\n\n\n<h2 class=\"wp-block-heading\"><\/h2>\n\n\n<div class=\"wp-block-image\">\n<figure class=\"aligncenter size-large\"><img loading=\"lazy\" decoding=\"async\" width=\"450\" height=\"450\" src=\"https:\/\/doelitzer-wassermuehle.de\/wp-content\/uploads\/2026\/08\/Share_Pic_3-450x450.jpg\" alt=\"\" class=\"wp-image-5638\" srcset=\"https:\/\/doelitzer-wassermuehle.de\/wp-content\/uploads\/2026\/08\/Share_Pic_3-450x450.jpg 450w, https:\/\/doelitzer-wassermuehle.de\/wp-content\/uploads\/2026\/08\/Share_Pic_3-225x225.jpg 225w, https:\/\/doelitzer-wassermuehle.de\/wp-content\/uploads\/2026\/08\/Share_Pic_3-768x768.jpg 768w, https:\/\/doelitzer-wassermuehle.de\/wp-content\/uploads\/2026\/08\/Share_Pic_3.jpg 1080w\" sizes=\"auto, (max-width: 450px) 100vw, 450px\" \/><\/figure>\n<\/div>\n\n\n<h2 class=\"wp-block-heading\"><\/h2>\n\n\n\n<p class=\"wp-block-paragraph\"><strong>Auf Anfrage<br>F\u00fchrungen auf dem historischen Gel\u00e4nde der Wasserm\u00fchle und durch das alte Dorf D\u00f6litz 1813<br><\/strong>Wir laden Sie zu F\u00fchrungen auf dem historischen Gel\u00e4nde der Wasserm\u00fchle, durch das denkmalgesch\u00fctzte M\u00fchlengeb\u00e4ude und das Dorf D\u00f6litz ein. Wo steht das \u00e4lteste Geb\u00e4ude im Dorf? Welche Kunst und Kultur gab es Anfang des 19.Jahrhunderts? Und warum wurde in der M\u00fchle eine Flasche mit polnischer Aufschrift gefunden? Diese Fragen, Geschichte und Anekdoten rund um D\u00f6litz und die M\u00fchle erfahren Sie bei unseren ca. 1,5 h F\u00fchrungen durch D\u00f6litz oder 1 h F\u00fchrungen durch die M\u00fchle.<\/p>\n\n\n\n<p class=\"wp-block-paragraph\">Wenn Sie eine historische F\u00fchrung w\u00fcnschen, wenden Sie sich bitte an den D\u00f6litzer B\u00fcrgerverein unter www.bv-doelitz-online.de oder direkt an Frau Grauwinkel unter Tel. 01577-1196875.<\/p>\n\n\n\n<p class=\"wp-block-paragraph\"><\/p>\n\n\n\n<h2 class=\"wp-block-heading\">M\u00fchlentag 2026<\/h2>\n\n\n\n<p class=\"wp-block-paragraph\">Am Pfingstmontag hatte sich die M\u00fchle mal wieder raus geputzt und anl\u00e4sslich des allj\u00e4hrigen deutschen M\u00fchlentags einen Markt auf dem Hof der D\u00f6litzer Wasserm\u00fchle abgehalten. Mit dem brillianten  Wetter und den tollen Markttreibenden und Kunsthandwerkerinnen und Kunsthandwerkern konnte es nur sehr sch\u00f6n werden!<\/p>\n\n\n\n<figure class=\"wp-block-gallery has-nested-images columns-default is-cropped wp-block-gallery-2 is-layout-flex wp-block-gallery-is-layout-flex\">\n<figure class=\"wp-block-image size-large is-resized\"><img loading=\"lazy\" decoding=\"async\" width=\"600\" height=\"450\" data-id=\"5529\" src=\"https:\/\/doelitzer-wassermuehle.de\/wp-content\/uploads\/2026\/06\/IMG_0657-1-600x450.jpg\" alt=\"\" class=\"wp-image-5529\" style=\"width:219px;height:auto\" srcset=\"https:\/\/doelitzer-wassermuehle.de\/wp-content\/uploads\/2026\/06\/IMG_0657-1-600x450.jpg 600w, https:\/\/doelitzer-wassermuehle.de\/wp-content\/uploads\/2026\/06\/IMG_0657-1-300x225.jpg 300w, https:\/\/doelitzer-wassermuehle.de\/wp-content\/uploads\/2026\/06\/IMG_0657-1-180x135.jpg 180w, https:\/\/doelitzer-wassermuehle.de\/wp-content\/uploads\/2026\/06\/IMG_0657-1-768x576.jpg 768w, https:\/\/doelitzer-wassermuehle.de\/wp-content\/uploads\/2026\/06\/IMG_0657-1-1536x1152.jpg 1536w, https:\/\/doelitzer-wassermuehle.de\/wp-content\/uploads\/2026\/06\/IMG_0657-1-2048x1536.jpg 2048w\" sizes=\"auto, (max-width: 600px) 100vw, 600px\" \/><\/figure>\n\n\n\n<figure class=\"wp-block-image size-large is-resized\"><img loading=\"lazy\" decoding=\"async\" width=\"600\" height=\"450\" data-id=\"5530\" src=\"https:\/\/doelitzer-wassermuehle.de\/wp-content\/uploads\/2026\/06\/IMG_0646-8-600x450.jpg\" alt=\"\" class=\"wp-image-5530\" style=\"width:219px;height:auto\" srcset=\"https:\/\/doelitzer-wassermuehle.de\/wp-content\/uploads\/2026\/06\/IMG_0646-8-600x450.jpg 600w, https:\/\/doelitzer-wassermuehle.de\/wp-content\/uploads\/2026\/06\/IMG_0646-8-300x225.jpg 300w, https:\/\/doelitzer-wassermuehle.de\/wp-content\/uploads\/2026\/06\/IMG_0646-8-180x135.jpg 180w, https:\/\/doelitzer-wassermuehle.de\/wp-content\/uploads\/2026\/06\/IMG_0646-8-768x576.jpg 768w, https:\/\/doelitzer-wassermuehle.de\/wp-content\/uploads\/2026\/06\/IMG_0646-8-1536x1152.jpg 1536w, https:\/\/doelitzer-wassermuehle.de\/wp-content\/uploads\/2026\/06\/IMG_0646-8-2048x1536.jpg 2048w\" sizes=\"auto, (max-width: 600px) 100vw, 600px\" \/><\/figure>\n\n\n\n<figure class=\"wp-block-image size-large is-resized\"><img loading=\"lazy\" decoding=\"async\" width=\"600\" height=\"450\" data-id=\"5531\" src=\"https:\/\/doelitzer-wassermuehle.de\/wp-content\/uploads\/2026\/06\/IMG_0674-600x450.jpg\" alt=\"\" class=\"wp-image-5531\" style=\"width:216px;height:auto\" srcset=\"https:\/\/doelitzer-wassermuehle.de\/wp-content\/uploads\/2026\/06\/IMG_0674-600x450.jpg 600w, https:\/\/doelitzer-wassermuehle.de\/wp-content\/uploads\/2026\/06\/IMG_0674-300x225.jpg 300w, https:\/\/doelitzer-wassermuehle.de\/wp-content\/uploads\/2026\/06\/IMG_0674-180x135.jpg 180w, https:\/\/doelitzer-wassermuehle.de\/wp-content\/uploads\/2026\/06\/IMG_0674-768x576.jpg 768w, https:\/\/doelitzer-wassermuehle.de\/wp-content\/uploads\/2026\/06\/IMG_0674-1536x1152.jpg 1536w, https:\/\/doelitzer-wassermuehle.de\/wp-content\/uploads\/2026\/06\/IMG_0674-2048x1536.jpg 2048w\" sizes=\"auto, (max-width: 600px) 100vw, 600px\" \/><\/figure>\n<\/figure>\n\n\n\n<p class=\"wp-block-paragraph\">Vielen lieben Dank an alle flei\u00dfigen Helfer, Markttreibenden und nat\u00fcrlich auch an die vielen wunderbaren Besucher, die mit uns den ersten Sommertag verbracht haben.<\/p>\n\n\n\n<p class=\"wp-block-paragraph\">Wir hoffen, es hat allen genauso gut gefallen, wie uns und vielleicht sieht man sich ja in der Adventszeit zum Adventsmarkt wieder.<\/p>\n\n\n\n<p class=\"wp-block-paragraph\">F\u00fcr alle, f\u00fcr die der November unertr\u00e4glich weit weg ist: \u00fcber den Sommer gibt es auf demHof der D\u00f6litzer Wasserm\u00fchle Sommer-Kino, Puppentheater und am 13. September \u00f6ffnet die M\u00fchle zum Denkmaltag nat\u00fcrlich auch wieder seine Tore.<\/p>\n\n\n\n<figure class=\"wp-block-gallery has-nested-images columns-default is-cropped wp-block-gallery-3 is-layout-flex wp-block-gallery-is-layout-flex\">\n<figure class=\"wp-block-image size-large is-resized\"><img loading=\"lazy\" decoding=\"async\" width=\"338\" height=\"450\" data-id=\"5534\" src=\"https:\/\/doelitzer-wassermuehle.de\/wp-content\/uploads\/2026\/06\/IMG_0705-2-338x450.jpg\" alt=\"\" class=\"wp-image-5534\" style=\"width:171px;height:auto\" srcset=\"https:\/\/doelitzer-wassermuehle.de\/wp-content\/uploads\/2026\/06\/IMG_0705-2-338x450.jpg 338w, https:\/\/doelitzer-wassermuehle.de\/wp-content\/uploads\/2026\/06\/IMG_0705-2-169x225.jpg 169w, https:\/\/doelitzer-wassermuehle.de\/wp-content\/uploads\/2026\/06\/IMG_0705-2-768x1024.jpg 768w, https:\/\/doelitzer-wassermuehle.de\/wp-content\/uploads\/2026\/06\/IMG_0705-2-1152x1536.jpg 1152w, https:\/\/doelitzer-wassermuehle.de\/wp-content\/uploads\/2026\/06\/IMG_0705-2-1536x2048.jpg 1536w, https:\/\/doelitzer-wassermuehle.de\/wp-content\/uploads\/2026\/06\/IMG_0705-2-scaled.jpg 1920w\" sizes=\"auto, (max-width: 338px) 100vw, 338px\" \/><\/figure>\n\n\n\n<figure class=\"wp-block-image size-large is-resized\"><img loading=\"lazy\" decoding=\"async\" width=\"338\" height=\"450\" data-id=\"5535\" src=\"https:\/\/doelitzer-wassermuehle.de\/wp-content\/uploads\/2026\/06\/IMG_0670-338x450.jpg\" alt=\"\" class=\"wp-image-5535\" style=\"width:171px;height:auto\" srcset=\"https:\/\/doelitzer-wassermuehle.de\/wp-content\/uploads\/2026\/06\/IMG_0670-338x450.jpg 338w, https:\/\/doelitzer-wassermuehle.de\/wp-content\/uploads\/2026\/06\/IMG_0670-169x225.jpg 169w, https:\/\/doelitzer-wassermuehle.de\/wp-content\/uploads\/2026\/06\/IMG_0670-768x1024.jpg 768w, https:\/\/doelitzer-wassermuehle.de\/wp-content\/uploads\/2026\/06\/IMG_0670-1152x1536.jpg 1152w, https:\/\/doelitzer-wassermuehle.de\/wp-content\/uploads\/2026\/06\/IMG_0670-1536x2048.jpg 1536w, https:\/\/doelitzer-wassermuehle.de\/wp-content\/uploads\/2026\/06\/IMG_0670-scaled.jpg 1920w\" sizes=\"auto, (max-width: 338px) 100vw, 338px\" \/><\/figure>\n\n\n\n<figure class=\"wp-block-image size-large is-resized\"><img loading=\"lazy\" decoding=\"async\" width=\"338\" height=\"450\" data-id=\"5536\" src=\"https:\/\/doelitzer-wassermuehle.de\/wp-content\/uploads\/2026\/06\/IMG_0666-338x450.jpg\" alt=\"\" class=\"wp-image-5536\" style=\"width:171px;height:auto\" srcset=\"https:\/\/doelitzer-wassermuehle.de\/wp-content\/uploads\/2026\/06\/IMG_0666-338x450.jpg 338w, https:\/\/doelitzer-wassermuehle.de\/wp-content\/uploads\/2026\/06\/IMG_0666-169x225.jpg 169w, https:\/\/doelitzer-wassermuehle.de\/wp-content\/uploads\/2026\/06\/IMG_0666-768x1024.jpg 768w, https:\/\/doelitzer-wassermuehle.de\/wp-content\/uploads\/2026\/06\/IMG_0666-1152x1536.jpg 1152w, https:\/\/doelitzer-wassermuehle.de\/wp-content\/uploads\/2026\/06\/IMG_0666-1536x2048.jpg 1536w, https:\/\/doelitzer-wassermuehle.de\/wp-content\/uploads\/2026\/06\/IMG_0666-scaled.jpg 1920w\" sizes=\"auto, (max-width: 338px) 100vw, 338px\" \/><\/figure>\n<\/figure>\n\n\n\n<p class=\"wp-block-paragraph\"><\/p>\n","protected":false},"excerpt":{"rendered":"<p>Sommerkino Freunde des Outdoor-Lichtspiel-Theaters, es ist zur\u00fcck! Das Sommerkino auf dem Hof der D\u00f6litzer Wasserm\u00fchle. Gezeigt wird eine sorgf\u00e4ltige Auswahl der Cin\u00e9math\u00e8que Leipzig: Freitag, 10.07.2026: Das Sommerbuch Freitag, 17.07.2026: Song Sung Blue Samstag, 18.07.2026: Ein Sommer in Paris \/ le &hellip; <a href=\"https:\/\/doelitzer-wassermuehle.de\/?page_id=259\">Weiterlesen <span class=\"meta-nav\">&rarr;<\/span><\/a><\/p>\n","protected":false},"author":1,"featured_media":2929,"parent":0,"menu_order":3,"comment_status":"closed","ping_status":"closed","template":"","meta":{"ngg_post_thumbnail":0,"footnotes":""},"class_list":["post-259","page","type-page","status-publish","has-post-thumbnail","hentry"],"aioseo_notices":[],"aioseo_head":"\n\t\t<!-- All in One SEO 5.0.1.1 - aioseo.com -->\n\t<meta name=\"robots\" content=\"max-image-preview:large\" \/>\n\t<link rel=\"canonical\" href=\"https:\/\/doelitzer-wassermuehle.de\/?page_id=259\" \/>\n\t<meta name=\"generator\" content=\"All in One SEO (AIOSEO) 5.0.1.1\" \/>\n\t\t<meta property=\"og:locale\" content=\"de_DE\" \/>\n\t\t<meta property=\"og:site_name\" content=\"D\u00f6litzer Wasserm\u00fchle | Gr\u00fcn-Alternatives Zentrum Leipzig e.V.\" \/>\n\t\t<meta property=\"og:type\" content=\"article\" \/>\n\t\t<meta property=\"og:title\" content=\"Veranstaltungen | D\u00f6litzer Wasserm\u00fchle\" \/>\n\t\t<meta property=\"og:url\" content=\"https:\/\/doelitzer-wassermuehle.de\/?page_id=259\" \/>\n\t\t<meta property=\"article:published_time\" content=\"2011-09-13T14:55:06+00:00\" \/>\n\t\t<meta property=\"article:modified_time\" content=\"2026-08-05T15:20:51+00:00\" \/>\n\t\t<meta name=\"twitter:card\" content=\"summary\" \/>\n\t\t<meta name=\"twitter:title\" content=\"Veranstaltungen | D\u00f6litzer Wasserm\u00fchle\" \/>\n\t\t<script type=\"application\/ld+json\" class=\"aioseo-schema\">\n\t\t\t{\"@context\":\"https:\\\/\\\/schema.org\",\"@graph\":[{\"@type\":\"BreadcrumbList\",\"@id\":\"https:\\\/\\\/doelitzer-wassermuehle.de\\\/?page_id=259#breadcrumblist\",\"itemListElement\":[{\"@type\":\"ListItem\",\"@id\":\"https:\\\/\\\/doelitzer-wassermuehle.de#listItem\",\"position\":1,\"name\":\"Home\",\"item\":\"https:\\\/\\\/doelitzer-wassermuehle.de\",\"nextItem\":{\"@type\":\"ListItem\",\"@id\":\"https:\\\/\\\/doelitzer-wassermuehle.de\\\/?page_id=259#listItem\",\"name\":\"Veranstaltungen\"}},{\"@type\":\"ListItem\",\"@id\":\"https:\\\/\\\/doelitzer-wassermuehle.de\\\/?page_id=259#listItem\",\"position\":2,\"name\":\"Veranstaltungen\",\"previousItem\":{\"@type\":\"ListItem\",\"@id\":\"https:\\\/\\\/doelitzer-wassermuehle.de#listItem\",\"name\":\"Home\"}}]},{\"@type\":\"Organization\",\"@id\":\"https:\\\/\\\/doelitzer-wassermuehle.de\\\/#organization\",\"name\":\"D\\u00f6litzer Wasserm\\u00fchle\",\"description\":\"Gr\\u00fcn-Alternatives Zentrum Leipzig e.V.\",\"url\":\"https:\\\/\\\/doelitzer-wassermuehle.de\\\/\"},{\"@type\":\"WebPage\",\"@id\":\"https:\\\/\\\/doelitzer-wassermuehle.de\\\/?page_id=259#webpage\",\"url\":\"https:\\\/\\\/doelitzer-wassermuehle.de\\\/?page_id=259\",\"name\":\"Veranstaltungen | D\\u00f6litzer Wasserm\\u00fchle\",\"inLanguage\":\"de-DE\",\"isPartOf\":{\"@id\":\"https:\\\/\\\/doelitzer-wassermuehle.de\\\/#website\"},\"breadcrumb\":{\"@id\":\"https:\\\/\\\/doelitzer-wassermuehle.de\\\/?page_id=259#breadcrumblist\"},\"image\":{\"@type\":\"ImageObject\",\"url\":\"https:\\\/\\\/doelitzer-wassermuehle.de\\\/wp-content\\\/uploads\\\/2020\\\/09\\\/Bowle2-scaled.jpg\",\"@id\":\"https:\\\/\\\/doelitzer-wassermuehle.de\\\/?page_id=259\\\/#mainImage\",\"width\":2560,\"height\":1001},\"primaryImageOfPage\":{\"@id\":\"https:\\\/\\\/doelitzer-wassermuehle.de\\\/?page_id=259#mainImage\"},\"datePublished\":\"2011-09-13T16:55:06+02:00\",\"dateModified\":\"2026-08-05T17:20:51+02:00\"},{\"@type\":\"WebSite\",\"@id\":\"https:\\\/\\\/doelitzer-wassermuehle.de\\\/#website\",\"url\":\"https:\\\/\\\/doelitzer-wassermuehle.de\\\/\",\"name\":\"D\\u00f6litzer Wasserm\\u00fchle\",\"description\":\"Gr\\u00fcn-Alternatives Zentrum Leipzig e.V.\",\"inLanguage\":\"de-DE\",\"publisher\":{\"@id\":\"https:\\\/\\\/doelitzer-wassermuehle.de\\\/#organization\"}}]}\n\t\t<\/script>\n\t\t<!-- All in One SEO -->\n\n","aioseo_head_json":{"title":"Veranstaltungen | D\u00f6litzer Wasserm\u00fchle","description":"","canonical_url":"https:\/\/doelitzer-wassermuehle.de\/?page_id=259","robots":"max-image-preview:large","keywords":"","webmasterTools":{"miscellaneous":""},"schema":{"@context":"https:\/\/schema.org","@graph":[{"@type":"BreadcrumbList","@id":"https:\/\/doelitzer-wassermuehle.de\/?page_id=259#breadcrumblist","itemListElement":[{"@type":"ListItem","@id":"https:\/\/doelitzer-wassermuehle.de#listItem","position":1,"name":"Home","item":"https:\/\/doelitzer-wassermuehle.de","nextItem":{"@type":"ListItem","@id":"https:\/\/doelitzer-wassermuehle.de\/?page_id=259#listItem","name":"Veranstaltungen"}},{"@type":"ListItem","@id":"https:\/\/doelitzer-wassermuehle.de\/?page_id=259#listItem","position":2,"name":"Veranstaltungen","previousItem":{"@type":"ListItem","@id":"https:\/\/doelitzer-wassermuehle.de#listItem","name":"Home"}}]},{"@type":"Organization","@id":"https:\/\/doelitzer-wassermuehle.de\/#organization","name":"D\u00f6litzer Wasserm\u00fchle","description":"Gr\u00fcn-Alternatives Zentrum Leipzig e.V.","url":"https:\/\/doelitzer-wassermuehle.de\/"},{"@type":"WebPage","@id":"https:\/\/doelitzer-wassermuehle.de\/?page_id=259#webpage","url":"https:\/\/doelitzer-wassermuehle.de\/?page_id=259","name":"Veranstaltungen | D\u00f6litzer Wasserm\u00fchle","inLanguage":"de-DE","isPartOf":{"@id":"https:\/\/doelitzer-wassermuehle.de\/#website"},"breadcrumb":{"@id":"https:\/\/doelitzer-wassermuehle.de\/?page_id=259#breadcrumblist"},"image":{"@type":"ImageObject","url":"https:\/\/doelitzer-wassermuehle.de\/wp-content\/uploads\/2020\/09\/Bowle2-scaled.jpg","@id":"https:\/\/doelitzer-wassermuehle.de\/?page_id=259\/#mainImage","width":2560,"height":1001},"primaryImageOfPage":{"@id":"https:\/\/doelitzer-wassermuehle.de\/?page_id=259#mainImage"},"datePublished":"2011-09-13T16:55:06+02:00","dateModified":"2026-08-05T17:20:51+02:00"},{"@type":"WebSite","@id":"https:\/\/doelitzer-wassermuehle.de\/#website","url":"https:\/\/doelitzer-wassermuehle.de\/","name":"D\u00f6litzer Wasserm\u00fchle","description":"Gr\u00fcn-Alternatives Zentrum Leipzig e.V.","inLanguage":"de-DE","publisher":{"@id":"https:\/\/doelitzer-wassermuehle.de\/#organization"}}]},"og:locale":"de_DE","og:site_name":"D\u00f6litzer Wasserm\u00fchle | Gr\u00fcn-Alternatives Zentrum Leipzig e.V.","og:type":"article","og:title":"Veranstaltungen | D\u00f6litzer Wasserm\u00fchle","og:url":"https:\/\/doelitzer-wassermuehle.de\/?page_id=259","article:published_time":"2011-09-13T14:55:06+00:00","article:modified_time":"2026-08-05T15:20:51+00:00","twitter:card":"summary","twitter:title":"Veranstaltungen | D\u00f6litzer Wasserm\u00fchle"},"aioseo_meta_data":{"post_id":"259","title":null,"description":null,"keywords":null,"keyphrases":{"focus":{"keyphrase":"","score":0,"analysis":{"keyphraseInTitle":{"score":0,"maxScore":9,"error":1}}},"additional":[]},"primary_term":null,"canonical_url":null,"og_title":null,"og_description":null,"og_object_type":"default","og_image_type":"default","og_image_url":null,"og_image_width":null,"og_image_height":null,"og_image_custom_url":null,"og_image_custom_fields":null,"og_video":"","og_custom_url":null,"og_article_section":null,"og_article_tags":null,"twitter_use_og":false,"twitter_card":"default","twitter_image_type":"default","twitter_image_url":null,"twitter_image_custom_url":null,"twitter_image_custom_fields":null,"twitter_title":null,"twitter_description":null,"schema":{"blockGraphs":[],"customGraphs":[],"default":{"data":{"Article":[],"Course":[],"Dataset":[],"FAQPage":[],"Movie":[],"Person":[],"Product":[],"ProductReview":[],"Car":[],"Recipe":[],"Service":[],"SoftwareApplication":[],"WebPage":[]},"graphName":"WebPage","isEnabled":true},"graphs":[]},"schema_type":"default","schema_type_options":"{\"article\":{\"articleType\":\"BlogPosting\"},\"course\":{\"name\":\"\",\"description\":\"\",\"provider\":\"\"},\"faq\":{\"pages\":[]},\"product\":{\"reviews\":[]},\"recipe\":{\"ingredients\":[],\"instructions\":[],\"keywords\":[]},\"software\":{\"reviews\":[],\"operatingSystems\":[]},\"webPage\":{\"webPageType\":\"WebPage\"},\"blockGraphs\":[]}","pillar_content":false,"robots_default":true,"robots_noindex":false,"robots_noarchive":false,"robots_nosnippet":false,"robots_nofollow":false,"robots_noimageindex":false,"robots_noodp":false,"robots_notranslate":false,"robots_max_snippet":"-1","robots_max_videopreview":"-1","robots_max_imagepreview":"large","priority":null,"frequency":"default","local_seo":null,"breadcrumb_settings":null,"limit_modified_date":false,"ai":{"faqs":[],"keyPoints":[],"schemas":[],"titles":[],"descriptions":[],"socialPosts":{"email":{"subject":"","preview":"","content":""},"linkedin":[],"twitter":[],"facebook":[],"instagram":[]}},"created":"2020-12-20 21:33:57","updated":"2026-08-05 16:52:29","seo_analyzer_scan_date":null,"focus_keyword":null,"additional_keywords":null,"truseo_locale":null},"aioseo_breadcrumb":"<div class=\"aioseo-breadcrumbs\"><span class=\"aioseo-breadcrumb\">\n\t\t\t<a href=\"https:\/\/doelitzer-wassermuehle.de\" title=\"Home\">Home<\/a>\n\t\t<\/span><span class=\"aioseo-breadcrumb-separator\">&raquo;<\/span><span class=\"aioseo-breadcrumb\">\n\t\t\tVeranstaltungen\n\t\t<\/span><\/div>","aioseo_breadcrumb_json":[{"label":"Home","link":"https:\/\/doelitzer-wassermuehle.de"},{"label":"Veranstaltungen","link":"https:\/\/doelitzer-wassermuehle.de\/?page_id=259"}],"_links":{"self":[{"href":"https:\/\/doelitzer-wassermuehle.de\/index.php?rest_route=\/wp\/v2\/pages\/259","targetHints":{"allow":["GET"]}}],"collection":[{"href":"https:\/\/doelitzer-wassermuehle.de\/index.php?rest_route=\/wp\/v2\/pages"}],"about":[{"href":"https:\/\/doelitzer-wassermuehle.de\/index.php?rest_route=\/wp\/v2\/types\/page"}],"author":[{"embeddable":true,"href":"https:\/\/doelitzer-wassermuehle.de\/index.php?rest_route=\/wp\/v2\/users\/1"}],"replies":[{"embeddable":true,"href":"https:\/\/doelitzer-wassermuehle.de\/index.php?rest_route=%2Fwp%2Fv2%2Fcomments&post=259"}],"version-history":[{"count":1019,"href":"https:\/\/doelitzer-wassermuehle.de\/index.php?rest_route=\/wp\/v2\/pages\/259\/revisions"}],"predecessor-version":[{"id":5643,"href":"https:\/\/doelitzer-wassermuehle.de\/index.php?rest_route=\/wp\/v2\/pages\/259\/revisions\/5643"}],"wp:featuredmedia":[{"embeddable":true,"href":"https:\/\/doelitzer-wassermuehle.de\/index.php?rest_route=\/wp\/v2\/media\/2929"}],"wp:attachment":[{"href":"https:\/\/doelitzer-wassermuehle.de\/index.php?rest_route=%2Fwp%2Fv2%2Fmedia&parent=259"}],"curies":[{"name":"wp","href":"https:\/\/api.w.org\/{rel}","templated":true}]}}